{"id":8254,"date":"2024-11-15T12:46:27","date_gmt":"2024-11-15T10:46:27","guid":{"rendered":"https:\/\/www.masystemutbildning.se\/sv-se\/?post_type=nyhet&#038;p=8254"},"modified":"2024-11-15T12:47:39","modified_gmt":"2024-11-15T10:47:39","slug":"liftkonferens-2024-tillsammans-for-sakrare-arbetsplatser","status":"publish","type":"nyhet","link":"https:\/\/www.masystemutbildning.se\/sv-se\/nyhet\/liftkonferens-2024-tillsammans-for-sakrare-arbetsplatser\/","title":{"rendered":"Liftkonferens 2024 \u2013 Tillsammans f\u00f6r s\u00e4krare arbetsplatser!"},"content":{"rendered":"\n<p>H\u00f6jdpunkterna fr\u00e5n dagen p\u00e5 \u00e5rets Liftkonferens inkluderade insiktsfulla f\u00f6rel\u00e4sningar fr\u00e5n v\u00e5ra inbjudna experter:<\/p>\n\n\n\n<ul class=\"wp-block-list\">\n<li><strong>Mikael Ekman<\/strong> fr\u00e5n Ekmans Fallskydd visade nyheter inom personlig fallskyddsutrustning.<\/li>\n\n\n\n<li><strong>Svante Andersson<\/strong> fr\u00e5n TA Utbildning belyste vikten av avsp\u00e4rrningar vid liftanv\u00e4ndning.<\/li>\n\n\n\n<li><strong>Yvonne Erlandsson<\/strong> fr\u00e5n Liftutbildningsr\u00e5det delade v\u00e4rdefulla perspektiv p\u00e5 LURs arbete och lyfte vikten av samarbete f\u00f6r att f\u00f6rb\u00e4ttra s\u00e4kerheten inom liftanv\u00e4ndning.<\/li>\n\n\n\n<li><strong>Rasmus Aronsson<\/strong> fr\u00e5n <a href=\"http:\/\/www.av.se\">Arbetsmilj\u00f6verket <\/a>presenterade statistik \u00f6ver liftolyckor och ledde viktiga diskussioner om hur dessa kan f\u00f6rebyggas.<\/li>\n<\/ul>\n\n\n\n<p><\/p>\n\n\n\n<p>Ett stort tack till alla deltagare och instrukt\u00f6rer som gjorde konferensen till en minnesv\u00e4rd och l\u00e4rorik upplevelse. Det \u00e4r ert engagemang som driver s\u00e4kerhetsarbetet fram\u00e5t!<\/p>\n\n\n\n<p>Vi ser redan fram emot h\u00f6sten 2026 n\u00e4r n\u00e4sta <a href=\"https:\/\/www.masystemutbildning.se\/sv-se\/instruktorsutbildning\/konferenser-och-vidareutbildning\/\">Liftkonferens <\/a>g\u00e5r av stapeln. Vill du veta mer om vad vi diskuterade i \u00e5r, eller s\u00e4kra din plats f\u00f6r n\u00e4sta g\u00e5ng? H\u00e5ll utkik efter kommande uppdateringar \u2013 vi ses d\u00e4r!<\/p>\n\n\n\n<p><\/p>\n","protected":false},"featured_media":8255,"template":"","class_list":["post-8254","nyhet","type-nyhet","status-publish","has-post-thumbnail","hentry"],"acf":[],"yoast_head":"<!-- This site is optimized with the Yoast SEO Premium plugin v26.9 (Yoast SEO v27.3) - https:\/\/yoast.com\/product\/yoast-seo-premium-wordpress\/ -->\n<title>Liftkonferens 2024 \u2013 Tillsammans f\u00f6r s\u00e4krare arbetsplatser! - MA-system Utbildning AB<\/title>\n<meta name=\"description\" content=\"MA-systems Liftkonferensen samlade experter och deltagare f\u00f6r en inspirerande dag med fokus p\u00e5 s\u00e4kerhet och nyheter inom lift- och fallskydd.\" \/>\n<meta name=\"robots\" content=\"index, follow, max-snippet:-1, max-image-preview:large, max-video-preview:-1\" \/>\n<link rel=\"canonical\" href=\"https:\/\/www.masystemutbildning.se\/sv-se\/nyhet\/liftkonferens-2024-tillsammans-for-sakrare-arbetsplatser\/\" \/>\n<meta property=\"og:locale\" content=\"sv_SE\" \/>\n<meta property=\"og:type\" content=\"article\" \/>\n<meta property=\"og:title\" content=\"Liftkonferens 2024 \u2013 Tillsammans f\u00f6r s\u00e4krare arbetsplatser!\" \/>\n<meta property=\"og:description\" content=\"MA-systems Liftkonferensen samlade experter och deltagare f\u00f6r en inspirerande dag med fokus p\u00e5 s\u00e4kerhet och nyheter inom lift- och fallskydd.\" \/>\n<meta property=\"og:url\" content=\"https:\/\/www.masystemutbildning.se\/sv-se\/nyhet\/liftkonferens-2024-tillsammans-for-sakrare-arbetsplatser\/\" \/>\n<meta property=\"og:site_name\" content=\"MA-system Utbildning AB\" \/>\n<meta property=\"article:publisher\" content=\"https:\/\/www.facebook.com\/masystemutbildning\" \/>\n<meta property=\"article:modified_time\" content=\"2024-11-15T10:47:39+00:00\" \/>\n<meta property=\"og:image\" content=\"https:\/\/www.masystemutbildning.se\/sv-se\/wp-content\/uploads\/2024\/11\/Sigtuna-Liftkonferens-1024x539.png\" \/>\n\t<meta property=\"og:image:width\" content=\"1024\" \/>\n\t<meta property=\"og:image:height\" content=\"539\" \/>\n\t<meta property=\"og:image:type\" content=\"image\/png\" \/>\n<meta name=\"twitter:card\" content=\"summary_large_image\" \/>\n<meta name=\"twitter:site\" content=\"@mautbildning\" \/>\n<meta name=\"twitter:label1\" content=\"Est. reading time\" \/>\n\t<meta name=\"twitter:data1\" content=\"1 minut\" \/>\n<script type=\"application\/ld+json\" class=\"yoast-schema-graph\">{\"@context\":\"https:\\\/\\\/schema.org\",\"@graph\":[{\"@type\":\"WebPage\",\"@id\":\"https:\\\/\\\/www.masystemutbildning.se\\\/sv-se\\\/nyhet\\\/liftkonferens-2024-tillsammans-for-sakrare-arbetsplatser\\\/\",\"url\":\"https:\\\/\\\/www.masystemutbildning.se\\\/sv-se\\\/nyhet\\\/liftkonferens-2024-tillsammans-for-sakrare-arbetsplatser\\\/\",\"name\":\"Liftkonferens 2024 \u2013 Tillsammans f\u00f6r s\u00e4krare arbetsplatser! - MA-system Utbildning AB\",\"isPartOf\":{\"@id\":\"https:\\\/\\\/www.masystemutbildning.se\\\/sv-se\\\/#website\"},\"primaryImageOfPage\":{\"@id\":\"https:\\\/\\\/www.masystemutbildning.se\\\/sv-se\\\/nyhet\\\/liftkonferens-2024-tillsammans-for-sakrare-arbetsplatser\\\/#primaryimage\"},\"image\":{\"@id\":\"https:\\\/\\\/www.masystemutbildning.se\\\/sv-se\\\/nyhet\\\/liftkonferens-2024-tillsammans-for-sakrare-arbetsplatser\\\/#primaryimage\"},\"thumbnailUrl\":\"https:\\\/\\\/www.masystemutbildning.se\\\/sv-se\\\/wp-content\\\/uploads\\\/2024\\\/11\\\/Sigtuna-Liftkonferens.png\",\"datePublished\":\"2024-11-15T10:46:27+00:00\",\"dateModified\":\"2024-11-15T10:47:39+00:00\",\"description\":\"MA-systems Liftkonferensen samlade experter och deltagare f\u00f6r en inspirerande dag med fokus p\u00e5 s\u00e4kerhet och nyheter inom lift- och fallskydd.\",\"breadcrumb\":{\"@id\":\"https:\\\/\\\/www.masystemutbildning.se\\\/sv-se\\\/nyhet\\\/liftkonferens-2024-tillsammans-for-sakrare-arbetsplatser\\\/#breadcrumb\"},\"inLanguage\":\"sv-SE\",\"potentialAction\":[{\"@type\":\"ReadAction\",\"target\":[\"https:\\\/\\\/www.masystemutbildning.se\\\/sv-se\\\/nyhet\\\/liftkonferens-2024-tillsammans-for-sakrare-arbetsplatser\\\/\"]}]},{\"@type\":\"ImageObject\",\"inLanguage\":\"sv-SE\",\"@id\":\"https:\\\/\\\/www.masystemutbildning.se\\\/sv-se\\\/nyhet\\\/liftkonferens-2024-tillsammans-for-sakrare-arbetsplatser\\\/#primaryimage\",\"url\":\"https:\\\/\\\/www.masystemutbildning.se\\\/sv-se\\\/wp-content\\\/uploads\\\/2024\\\/11\\\/Sigtuna-Liftkonferens.png\",\"contentUrl\":\"https:\\\/\\\/www.masystemutbildning.se\\\/sv-se\\\/wp-content\\\/uploads\\\/2024\\\/11\\\/Sigtuna-Liftkonferens.png\",\"width\":1800,\"height\":948,\"caption\":\"Sigtuna Liftkonferens\"},{\"@type\":\"BreadcrumbList\",\"@id\":\"https:\\\/\\\/www.masystemutbildning.se\\\/sv-se\\\/nyhet\\\/liftkonferens-2024-tillsammans-for-sakrare-arbetsplatser\\\/#breadcrumb\",\"itemListElement\":[{\"@type\":\"ListItem\",\"position\":1,\"name\":\"Home\",\"item\":\"https:\\\/\\\/www.masystemutbildning.se\\\/sv-se\\\/\"},{\"@type\":\"ListItem\",\"position\":2,\"name\":\"Liftkonferens 2024 \u2013 Tillsammans f\u00f6r s\u00e4krare arbetsplatser!\"}]},{\"@type\":\"WebSite\",\"@id\":\"https:\\\/\\\/www.masystemutbildning.se\\\/sv-se\\\/#website\",\"url\":\"https:\\\/\\\/www.masystemutbildning.se\\\/sv-se\\\/\",\"name\":\"MA-system Utbildning AB\",\"description\":\"\",\"publisher\":{\"@id\":\"https:\\\/\\\/www.masystemutbildning.se\\\/sv-se\\\/#organization\"},\"potentialAction\":[{\"@type\":\"SearchAction\",\"target\":{\"@type\":\"EntryPoint\",\"urlTemplate\":\"https:\\\/\\\/www.masystemutbildning.se\\\/sv-se\\\/?s={search_term_string}\"},\"query-input\":{\"@type\":\"PropertyValueSpecification\",\"valueRequired\":true,\"valueName\":\"search_term_string\"}}],\"inLanguage\":\"sv-SE\"},{\"@type\":\"Organization\",\"@id\":\"https:\\\/\\\/www.masystemutbildning.se\\\/sv-se\\\/#organization\",\"name\":\"MA-system Utbildning AB\",\"url\":\"https:\\\/\\\/www.masystemutbildning.se\\\/sv-se\\\/\",\"logo\":{\"@type\":\"ImageObject\",\"inLanguage\":\"sv-SE\",\"@id\":\"https:\\\/\\\/www.masystemutbildning.se\\\/sv-se\\\/#\\\/schema\\\/logo\\\/image\\\/\",\"url\":\"https:\\\/\\\/www.masystemutbildning.se\\\/sv-se\\\/wp-content\\\/uploads\\\/2026\\\/01\\\/MAsystem_50.webp\",\"contentUrl\":\"https:\\\/\\\/www.masystemutbildning.se\\\/sv-se\\\/wp-content\\\/uploads\\\/2026\\\/01\\\/MAsystem_50.webp\",\"width\":1080,\"height\":829,\"caption\":\"MA-system Utbildning AB\"},\"image\":{\"@id\":\"https:\\\/\\\/www.masystemutbildning.se\\\/sv-se\\\/#\\\/schema\\\/logo\\\/image\\\/\"},\"sameAs\":[\"https:\\\/\\\/www.facebook.com\\\/masystemutbildning\",\"https:\\\/\\\/x.com\\\/mautbildning\",\"https:\\\/\\\/www.instagram.com\\\/masystemutbildning\\\/\",\"https:\\\/\\\/www.linkedin.com\\\/company\\\/ma-system-utbildning-ab\\\/\"]}]}<\/script>\n<!-- \/ Yoast SEO Premium plugin. -->","yoast_head_json":{"title":"Liftkonferens 2024 \u2013 Tillsammans f\u00f6r s\u00e4krare arbetsplatser! - MA-system Utbildning AB","description":"MA-systems Liftkonferensen samlade experter och deltagare f\u00f6r en inspirerande dag med fokus p\u00e5 s\u00e4kerhet och nyheter inom lift- och fallskydd.","robots":{"index":"index","follow":"follow","max-snippet":"max-snippet:-1","max-image-preview":"max-image-preview:large","max-video-preview":"max-video-preview:-1"},"canonical":"https:\/\/www.masystemutbildning.se\/sv-se\/nyhet\/liftkonferens-2024-tillsammans-for-sakrare-arbetsplatser\/","og_locale":"sv_SE","og_type":"article","og_title":"Liftkonferens 2024 \u2013 Tillsammans f\u00f6r s\u00e4krare arbetsplatser!","og_description":"MA-systems Liftkonferensen samlade experter och deltagare f\u00f6r en inspirerande dag med fokus p\u00e5 s\u00e4kerhet och nyheter inom lift- och fallskydd.","og_url":"https:\/\/www.masystemutbildning.se\/sv-se\/nyhet\/liftkonferens-2024-tillsammans-for-sakrare-arbetsplatser\/","og_site_name":"MA-system Utbildning AB","article_publisher":"https:\/\/www.facebook.com\/masystemutbildning","article_modified_time":"2024-11-15T10:47:39+00:00","og_image":[{"width":1024,"height":539,"url":"https:\/\/www.masystemutbildning.se\/sv-se\/wp-content\/uploads\/2024\/11\/Sigtuna-Liftkonferens-1024x539.png","type":"image\/png"}],"twitter_card":"summary_large_image","twitter_site":"@mautbildning","twitter_misc":{"Est. reading time":"1 minut"},"schema":{"@context":"https:\/\/schema.org","@graph":[{"@type":"WebPage","@id":"https:\/\/www.masystemutbildning.se\/sv-se\/nyhet\/liftkonferens-2024-tillsammans-for-sakrare-arbetsplatser\/","url":"https:\/\/www.masystemutbildning.se\/sv-se\/nyhet\/liftkonferens-2024-tillsammans-for-sakrare-arbetsplatser\/","name":"Liftkonferens 2024 \u2013 Tillsammans f\u00f6r s\u00e4krare arbetsplatser! - MA-system Utbildning AB","isPartOf":{"@id":"https:\/\/www.masystemutbildning.se\/sv-se\/#website"},"primaryImageOfPage":{"@id":"https:\/\/www.masystemutbildning.se\/sv-se\/nyhet\/liftkonferens-2024-tillsammans-for-sakrare-arbetsplatser\/#primaryimage"},"image":{"@id":"https:\/\/www.masystemutbildning.se\/sv-se\/nyhet\/liftkonferens-2024-tillsammans-for-sakrare-arbetsplatser\/#primaryimage"},"thumbnailUrl":"https:\/\/www.masystemutbildning.se\/sv-se\/wp-content\/uploads\/2024\/11\/Sigtuna-Liftkonferens.png","datePublished":"2024-11-15T10:46:27+00:00","dateModified":"2024-11-15T10:47:39+00:00","description":"MA-systems Liftkonferensen samlade experter och deltagare f\u00f6r en inspirerande dag med fokus p\u00e5 s\u00e4kerhet och nyheter inom lift- och fallskydd.","breadcrumb":{"@id":"https:\/\/www.masystemutbildning.se\/sv-se\/nyhet\/liftkonferens-2024-tillsammans-for-sakrare-arbetsplatser\/#breadcrumb"},"inLanguage":"sv-SE","potentialAction":[{"@type":"ReadAction","target":["https:\/\/www.masystemutbildning.se\/sv-se\/nyhet\/liftkonferens-2024-tillsammans-for-sakrare-arbetsplatser\/"]}]},{"@type":"ImageObject","inLanguage":"sv-SE","@id":"https:\/\/www.masystemutbildning.se\/sv-se\/nyhet\/liftkonferens-2024-tillsammans-for-sakrare-arbetsplatser\/#primaryimage","url":"https:\/\/www.masystemutbildning.se\/sv-se\/wp-content\/uploads\/2024\/11\/Sigtuna-Liftkonferens.png","contentUrl":"https:\/\/www.masystemutbildning.se\/sv-se\/wp-content\/uploads\/2024\/11\/Sigtuna-Liftkonferens.png","width":1800,"height":948,"caption":"Sigtuna Liftkonferens"},{"@type":"BreadcrumbList","@id":"https:\/\/www.masystemutbildning.se\/sv-se\/nyhet\/liftkonferens-2024-tillsammans-for-sakrare-arbetsplatser\/#breadcrumb","itemListElement":[{"@type":"ListItem","position":1,"name":"Home","item":"https:\/\/www.masystemutbildning.se\/sv-se\/"},{"@type":"ListItem","position":2,"name":"Liftkonferens 2024 \u2013 Tillsammans f\u00f6r s\u00e4krare arbetsplatser!"}]},{"@type":"WebSite","@id":"https:\/\/www.masystemutbildning.se\/sv-se\/#website","url":"https:\/\/www.masystemutbildning.se\/sv-se\/","name":"MA-system Utbildning AB","description":"","publisher":{"@id":"https:\/\/www.masystemutbildning.se\/sv-se\/#organization"},"potentialAction":[{"@type":"SearchAction","target":{"@type":"EntryPoint","urlTemplate":"https:\/\/www.masystemutbildning.se\/sv-se\/?s={search_term_string}"},"query-input":{"@type":"PropertyValueSpecification","valueRequired":true,"valueName":"search_term_string"}}],"inLanguage":"sv-SE"},{"@type":"Organization","@id":"https:\/\/www.masystemutbildning.se\/sv-se\/#organization","name":"MA-system Utbildning AB","url":"https:\/\/www.masystemutbildning.se\/sv-se\/","logo":{"@type":"ImageObject","inLanguage":"sv-SE","@id":"https:\/\/www.masystemutbildning.se\/sv-se\/#\/schema\/logo\/image\/","url":"https:\/\/www.masystemutbildning.se\/sv-se\/wp-content\/uploads\/2026\/01\/MAsystem_50.webp","contentUrl":"https:\/\/www.masystemutbildning.se\/sv-se\/wp-content\/uploads\/2026\/01\/MAsystem_50.webp","width":1080,"height":829,"caption":"MA-system Utbildning AB"},"image":{"@id":"https:\/\/www.masystemutbildning.se\/sv-se\/#\/schema\/logo\/image\/"},"sameAs":["https:\/\/www.facebook.com\/masystemutbildning","https:\/\/x.com\/mautbildning","https:\/\/www.instagram.com\/masystemutbildning\/","https:\/\/www.linkedin.com\/company\/ma-system-utbildning-ab\/"]}]}},"_links":{"self":[{"href":"https:\/\/www.masystemutbildning.se\/sv-se\/wp-json\/wp\/v2\/nyhet\/8254","targetHints":{"allow":["GET"]}}],"collection":[{"href":"https:\/\/www.masystemutbildning.se\/sv-se\/wp-json\/wp\/v2\/nyhet"}],"about":[{"href":"https:\/\/www.masystemutbildning.se\/sv-se\/wp-json\/wp\/v2\/types\/nyhet"}],"wp:featuredmedia":[{"embeddable":true,"href":"https:\/\/www.masystemutbildning.se\/sv-se\/wp-json\/wp\/v2\/media\/8255"}],"wp:attachment":[{"href":"https:\/\/www.masystemutbildning.se\/sv-se\/wp-json\/wp\/v2\/media?parent=8254"}],"curies":[{"name":"wp","href":"https:\/\/api.w.org\/{rel}","templated":true}]}}