{"id":2181,"date":"2017-04-26T12:21:00","date_gmt":"2017-04-26T12:21:00","guid":{"rendered":"https:\/\/www.masystemutbildning.se\/sv-se\/?post_type=nyhet&#038;p=2181"},"modified":"2024-10-15T16:03:26","modified_gmt":"2024-10-15T14:03:26","slug":"ar-man-enligt-lag-tvungen-att-anvanda-fallskydd","status":"publish","type":"nyhet","link":"https:\/\/www.masystemutbildning.se\/sv-se\/nyhet\/ar-man-enligt-lag-tvungen-att-anvanda-fallskydd\/","title":{"rendered":"\u00c4r man enligt lag tvungen att anv\u00e4nda fallskydd?"},"content":{"rendered":"\n<p>Gemensamma skydds\u00e5tg\u00e4rder kan vara att arbetet utf\u00f6rs med hj\u00e4lp av st\u00e4llningar, arbetsplattformar eller andra skydd som inte en arbetstagare sj\u00e4lv har p\u00e5 sig. Ibland kallas de \u00e4ven kollektiva skydd.<\/p>\n\n\n\n<p>Personlig fallskyddsutrustning f\u00e5r endast anv\u00e4ndas om det inte g\u00e5r att anv\u00e4nda gemensamma skydd eller om arbetet \u00e4r s\u00e5 kortvarigt att det inte \u00e4r rimligt att montera och anv\u00e4nda gemensamma skydd.<\/p>\n\n\n\n<p>Har du fler fr\u00e5gor om anv\u00e4ndning av fallskydd? Vi har samlat de vanligaste fr\u00e5gorna och svaren i v\u00e5r FAQ som du hittar i v\u00e5r <a href=\"https:\/\/www.masystemutbildning.se\/sv-se\/kundservice-support\/faq\/#fallskydd\">FAQ<\/a><\/p>\n","protected":false},"featured_media":2182,"template":"","class_list":["post-2181","nyhet","type-nyhet","status-publish","has-post-thumbnail","hentry"],"acf":[],"yoast_head":"<!-- This site is optimized with the Yoast SEO Premium plugin v26.9 (Yoast SEO v27.3) - https:\/\/yoast.com\/product\/yoast-seo-premium-wordpress\/ -->\n<title>\u00c4r man enligt lag tvungen att anv\u00e4nda fallskydd?<\/title>\n<meta name=\"description\" content=\"Vid byggnads- och anl\u00e4ggningsarbete d\u00e4r det finns risk f\u00f6r fall fr\u00e5n 2 meter eller mer ska man v\u00e4lja gemensamma skydds\u00e5tg\u00e4rder i f\u00f6rsta hand.\" \/>\n<meta name=\"robots\" content=\"index, follow, max-snippet:-1, max-image-preview:large, max-video-preview:-1\" \/>\n<link rel=\"canonical\" href=\"https:\/\/www.masystemutbildning.se\/sv-se\/nyhet\/ar-man-enligt-lag-tvungen-att-anvanda-fallskydd\/\" \/>\n<meta property=\"og:locale\" content=\"sv_SE\" \/>\n<meta property=\"og:type\" content=\"article\" \/>\n<meta property=\"og:title\" content=\"\u00c4r man enligt lag tvungen att anv\u00e4nda fallskydd?\" \/>\n<meta property=\"og:description\" content=\"Vid byggnads- och anl\u00e4ggningsarbete d\u00e4r det finns risk f\u00f6r fall fr\u00e5n 2 meter eller mer ska man v\u00e4lja gemensamma skydds\u00e5tg\u00e4rder i f\u00f6rsta hand.\" \/>\n<meta property=\"og:url\" content=\"https:\/\/www.masystemutbildning.se\/sv-se\/nyhet\/ar-man-enligt-lag-tvungen-att-anvanda-fallskydd\/\" \/>\n<meta property=\"og:site_name\" content=\"MA-system Utbildning AB\" \/>\n<meta property=\"article:publisher\" content=\"https:\/\/www.facebook.com\/masystemutbildning\" \/>\n<meta property=\"article:modified_time\" content=\"2024-10-15T14:03:26+00:00\" \/>\n<meta property=\"og:image\" content=\"https:\/\/www.masystemutbildning.se\/sv-se\/wp-content\/uploads\/2023\/11\/nyhetsbild_faq.png\" \/>\n\t<meta property=\"og:image:width\" content=\"580\" \/>\n\t<meta property=\"og:image:height\" content=\"380\" \/>\n\t<meta property=\"og:image:type\" content=\"image\/png\" \/>\n<meta name=\"twitter:card\" content=\"summary_large_image\" \/>\n<meta name=\"twitter:site\" content=\"@mautbildning\" \/>\n<meta name=\"twitter:label1\" content=\"Est. reading time\" \/>\n\t<meta name=\"twitter:data1\" content=\"1 minut\" \/>\n<script type=\"application\/ld+json\" class=\"yoast-schema-graph\">{\"@context\":\"https:\\\/\\\/schema.org\",\"@graph\":[{\"@type\":\"WebPage\",\"@id\":\"https:\\\/\\\/www.masystemutbildning.se\\\/sv-se\\\/nyhet\\\/ar-man-enligt-lag-tvungen-att-anvanda-fallskydd\\\/\",\"url\":\"https:\\\/\\\/www.masystemutbildning.se\\\/sv-se\\\/nyhet\\\/ar-man-enligt-lag-tvungen-att-anvanda-fallskydd\\\/\",\"name\":\"\u00c4r man enligt lag tvungen att anv\u00e4nda fallskydd?\",\"isPartOf\":{\"@id\":\"https:\\\/\\\/www.masystemutbildning.se\\\/sv-se\\\/#website\"},\"primaryImageOfPage\":{\"@id\":\"https:\\\/\\\/www.masystemutbildning.se\\\/sv-se\\\/nyhet\\\/ar-man-enligt-lag-tvungen-att-anvanda-fallskydd\\\/#primaryimage\"},\"image\":{\"@id\":\"https:\\\/\\\/www.masystemutbildning.se\\\/sv-se\\\/nyhet\\\/ar-man-enligt-lag-tvungen-att-anvanda-fallskydd\\\/#primaryimage\"},\"thumbnailUrl\":\"https:\\\/\\\/www.masystemutbildning.se\\\/sv-se\\\/wp-content\\\/uploads\\\/2023\\\/11\\\/nyhetsbild_faq.png\",\"datePublished\":\"2017-04-26T12:21:00+00:00\",\"dateModified\":\"2024-10-15T14:03:26+00:00\",\"description\":\"Vid byggnads- och anl\u00e4ggningsarbete d\u00e4r det finns risk f\u00f6r fall fr\u00e5n 2 meter eller mer ska man v\u00e4lja gemensamma skydds\u00e5tg\u00e4rder i f\u00f6rsta hand.\",\"breadcrumb\":{\"@id\":\"https:\\\/\\\/www.masystemutbildning.se\\\/sv-se\\\/nyhet\\\/ar-man-enligt-lag-tvungen-att-anvanda-fallskydd\\\/#breadcrumb\"},\"inLanguage\":\"sv-SE\",\"potentialAction\":[{\"@type\":\"ReadAction\",\"target\":[\"https:\\\/\\\/www.masystemutbildning.se\\\/sv-se\\\/nyhet\\\/ar-man-enligt-lag-tvungen-att-anvanda-fallskydd\\\/\"]}]},{\"@type\":\"ImageObject\",\"inLanguage\":\"sv-SE\",\"@id\":\"https:\\\/\\\/www.masystemutbildning.se\\\/sv-se\\\/nyhet\\\/ar-man-enligt-lag-tvungen-att-anvanda-fallskydd\\\/#primaryimage\",\"url\":\"https:\\\/\\\/www.masystemutbildning.se\\\/sv-se\\\/wp-content\\\/uploads\\\/2023\\\/11\\\/nyhetsbild_faq.png\",\"contentUrl\":\"https:\\\/\\\/www.masystemutbildning.se\\\/sv-se\\\/wp-content\\\/uploads\\\/2023\\\/11\\\/nyhetsbild_faq.png\",\"width\":580,\"height\":380,\"caption\":\"Fr\u00e5ga\"},{\"@type\":\"BreadcrumbList\",\"@id\":\"https:\\\/\\\/www.masystemutbildning.se\\\/sv-se\\\/nyhet\\\/ar-man-enligt-lag-tvungen-att-anvanda-fallskydd\\\/#breadcrumb\",\"itemListElement\":[{\"@type\":\"ListItem\",\"position\":1,\"name\":\"Home\",\"item\":\"https:\\\/\\\/www.masystemutbildning.se\\\/sv-se\\\/\"},{\"@type\":\"ListItem\",\"position\":2,\"name\":\"\u00c4r man enligt lag tvungen att anv\u00e4nda fallskydd?\"}]},{\"@type\":\"WebSite\",\"@id\":\"https:\\\/\\\/www.masystemutbildning.se\\\/sv-se\\\/#website\",\"url\":\"https:\\\/\\\/www.masystemutbildning.se\\\/sv-se\\\/\",\"name\":\"MA-system Utbildning AB\",\"description\":\"\",\"publisher\":{\"@id\":\"https:\\\/\\\/www.masystemutbildning.se\\\/sv-se\\\/#organization\"},\"potentialAction\":[{\"@type\":\"SearchAction\",\"target\":{\"@type\":\"EntryPoint\",\"urlTemplate\":\"https:\\\/\\\/www.masystemutbildning.se\\\/sv-se\\\/?s={search_term_string}\"},\"query-input\":{\"@type\":\"PropertyValueSpecification\",\"valueRequired\":true,\"valueName\":\"search_term_string\"}}],\"inLanguage\":\"sv-SE\"},{\"@type\":\"Organization\",\"@id\":\"https:\\\/\\\/www.masystemutbildning.se\\\/sv-se\\\/#organization\",\"name\":\"MA-system Utbildning AB\",\"url\":\"https:\\\/\\\/www.masystemutbildning.se\\\/sv-se\\\/\",\"logo\":{\"@type\":\"ImageObject\",\"inLanguage\":\"sv-SE\",\"@id\":\"https:\\\/\\\/www.masystemutbildning.se\\\/sv-se\\\/#\\\/schema\\\/logo\\\/image\\\/\",\"url\":\"https:\\\/\\\/www.masystemutbildning.se\\\/sv-se\\\/wp-content\\\/uploads\\\/2026\\\/01\\\/MAsystem_50.webp\",\"contentUrl\":\"https:\\\/\\\/www.masystemutbildning.se\\\/sv-se\\\/wp-content\\\/uploads\\\/2026\\\/01\\\/MAsystem_50.webp\",\"width\":1080,\"height\":829,\"caption\":\"MA-system Utbildning AB\"},\"image\":{\"@id\":\"https:\\\/\\\/www.masystemutbildning.se\\\/sv-se\\\/#\\\/schema\\\/logo\\\/image\\\/\"},\"sameAs\":[\"https:\\\/\\\/www.facebook.com\\\/masystemutbildning\",\"https:\\\/\\\/x.com\\\/mautbildning\",\"https:\\\/\\\/www.instagram.com\\\/masystemutbildning\\\/\",\"https:\\\/\\\/www.linkedin.com\\\/company\\\/ma-system-utbildning-ab\\\/\"]}]}<\/script>\n<!-- \/ Yoast SEO Premium plugin. -->","yoast_head_json":{"title":"\u00c4r man enligt lag tvungen att anv\u00e4nda fallskydd?","description":"Vid byggnads- och anl\u00e4ggningsarbete d\u00e4r det finns risk f\u00f6r fall fr\u00e5n 2 meter eller mer ska man v\u00e4lja gemensamma skydds\u00e5tg\u00e4rder i f\u00f6rsta hand.","robots":{"index":"index","follow":"follow","max-snippet":"max-snippet:-1","max-image-preview":"max-image-preview:large","max-video-preview":"max-video-preview:-1"},"canonical":"https:\/\/www.masystemutbildning.se\/sv-se\/nyhet\/ar-man-enligt-lag-tvungen-att-anvanda-fallskydd\/","og_locale":"sv_SE","og_type":"article","og_title":"\u00c4r man enligt lag tvungen att anv\u00e4nda fallskydd?","og_description":"Vid byggnads- och anl\u00e4ggningsarbete d\u00e4r det finns risk f\u00f6r fall fr\u00e5n 2 meter eller mer ska man v\u00e4lja gemensamma skydds\u00e5tg\u00e4rder i f\u00f6rsta hand.","og_url":"https:\/\/www.masystemutbildning.se\/sv-se\/nyhet\/ar-man-enligt-lag-tvungen-att-anvanda-fallskydd\/","og_site_name":"MA-system Utbildning AB","article_publisher":"https:\/\/www.facebook.com\/masystemutbildning","article_modified_time":"2024-10-15T14:03:26+00:00","og_image":[{"width":580,"height":380,"url":"https:\/\/www.masystemutbildning.se\/sv-se\/wp-content\/uploads\/2023\/11\/nyhetsbild_faq.png","type":"image\/png"}],"twitter_card":"summary_large_image","twitter_site":"@mautbildning","twitter_misc":{"Est. reading time":"1 minut"},"schema":{"@context":"https:\/\/schema.org","@graph":[{"@type":"WebPage","@id":"https:\/\/www.masystemutbildning.se\/sv-se\/nyhet\/ar-man-enligt-lag-tvungen-att-anvanda-fallskydd\/","url":"https:\/\/www.masystemutbildning.se\/sv-se\/nyhet\/ar-man-enligt-lag-tvungen-att-anvanda-fallskydd\/","name":"\u00c4r man enligt lag tvungen att anv\u00e4nda fallskydd?","isPartOf":{"@id":"https:\/\/www.masystemutbildning.se\/sv-se\/#website"},"primaryImageOfPage":{"@id":"https:\/\/www.masystemutbildning.se\/sv-se\/nyhet\/ar-man-enligt-lag-tvungen-att-anvanda-fallskydd\/#primaryimage"},"image":{"@id":"https:\/\/www.masystemutbildning.se\/sv-se\/nyhet\/ar-man-enligt-lag-tvungen-att-anvanda-fallskydd\/#primaryimage"},"thumbnailUrl":"https:\/\/www.masystemutbildning.se\/sv-se\/wp-content\/uploads\/2023\/11\/nyhetsbild_faq.png","datePublished":"2017-04-26T12:21:00+00:00","dateModified":"2024-10-15T14:03:26+00:00","description":"Vid byggnads- och anl\u00e4ggningsarbete d\u00e4r det finns risk f\u00f6r fall fr\u00e5n 2 meter eller mer ska man v\u00e4lja gemensamma skydds\u00e5tg\u00e4rder i f\u00f6rsta hand.","breadcrumb":{"@id":"https:\/\/www.masystemutbildning.se\/sv-se\/nyhet\/ar-man-enligt-lag-tvungen-att-anvanda-fallskydd\/#breadcrumb"},"inLanguage":"sv-SE","potentialAction":[{"@type":"ReadAction","target":["https:\/\/www.masystemutbildning.se\/sv-se\/nyhet\/ar-man-enligt-lag-tvungen-att-anvanda-fallskydd\/"]}]},{"@type":"ImageObject","inLanguage":"sv-SE","@id":"https:\/\/www.masystemutbildning.se\/sv-se\/nyhet\/ar-man-enligt-lag-tvungen-att-anvanda-fallskydd\/#primaryimage","url":"https:\/\/www.masystemutbildning.se\/sv-se\/wp-content\/uploads\/2023\/11\/nyhetsbild_faq.png","contentUrl":"https:\/\/www.masystemutbildning.se\/sv-se\/wp-content\/uploads\/2023\/11\/nyhetsbild_faq.png","width":580,"height":380,"caption":"Fr\u00e5ga"},{"@type":"BreadcrumbList","@id":"https:\/\/www.masystemutbildning.se\/sv-se\/nyhet\/ar-man-enligt-lag-tvungen-att-anvanda-fallskydd\/#breadcrumb","itemListElement":[{"@type":"ListItem","position":1,"name":"Home","item":"https:\/\/www.masystemutbildning.se\/sv-se\/"},{"@type":"ListItem","position":2,"name":"\u00c4r man enligt lag tvungen att anv\u00e4nda fallskydd?"}]},{"@type":"WebSite","@id":"https:\/\/www.masystemutbildning.se\/sv-se\/#website","url":"https:\/\/www.masystemutbildning.se\/sv-se\/","name":"MA-system Utbildning AB","description":"","publisher":{"@id":"https:\/\/www.masystemutbildning.se\/sv-se\/#organization"},"potentialAction":[{"@type":"SearchAction","target":{"@type":"EntryPoint","urlTemplate":"https:\/\/www.masystemutbildning.se\/sv-se\/?s={search_term_string}"},"query-input":{"@type":"PropertyValueSpecification","valueRequired":true,"valueName":"search_term_string"}}],"inLanguage":"sv-SE"},{"@type":"Organization","@id":"https:\/\/www.masystemutbildning.se\/sv-se\/#organization","name":"MA-system Utbildning AB","url":"https:\/\/www.masystemutbildning.se\/sv-se\/","logo":{"@type":"ImageObject","inLanguage":"sv-SE","@id":"https:\/\/www.masystemutbildning.se\/sv-se\/#\/schema\/logo\/image\/","url":"https:\/\/www.masystemutbildning.se\/sv-se\/wp-content\/uploads\/2026\/01\/MAsystem_50.webp","contentUrl":"https:\/\/www.masystemutbildning.se\/sv-se\/wp-content\/uploads\/2026\/01\/MAsystem_50.webp","width":1080,"height":829,"caption":"MA-system Utbildning AB"},"image":{"@id":"https:\/\/www.masystemutbildning.se\/sv-se\/#\/schema\/logo\/image\/"},"sameAs":["https:\/\/www.facebook.com\/masystemutbildning","https:\/\/x.com\/mautbildning","https:\/\/www.instagram.com\/masystemutbildning\/","https:\/\/www.linkedin.com\/company\/ma-system-utbildning-ab\/"]}]}},"_links":{"self":[{"href":"https:\/\/www.masystemutbildning.se\/sv-se\/wp-json\/wp\/v2\/nyhet\/2181","targetHints":{"allow":["GET"]}}],"collection":[{"href":"https:\/\/www.masystemutbildning.se\/sv-se\/wp-json\/wp\/v2\/nyhet"}],"about":[{"href":"https:\/\/www.masystemutbildning.se\/sv-se\/wp-json\/wp\/v2\/types\/nyhet"}],"wp:featuredmedia":[{"embeddable":true,"href":"https:\/\/www.masystemutbildning.se\/sv-se\/wp-json\/wp\/v2\/media\/2182"}],"wp:attachment":[{"href":"https:\/\/www.masystemutbildning.se\/sv-se\/wp-json\/wp\/v2\/media?parent=2181"}],"curies":[{"name":"wp","href":"https:\/\/api.w.org\/{rel}","templated":true}]}}